{"id":816,"date":"2022-08-16T15:28:36","date_gmt":"2022-08-16T15:28:36","guid":{"rendered":"https:\/\/rwsv.de\/?page_id=816"},"modified":"2022-10-06T15:20:30","modified_gmt":"2022-10-06T15:20:30","slug":"news","status":"publish","type":"page","link":"https:\/\/rwsv.de\/index.php\/news\/","title":{"rendered":"News"},"content":{"rendered":"\t\t<div data-elementor-type=\"wp-page\" data-elementor-id=\"816\" class=\"elementor elementor-816\">\n\t\t\t\t\t\t<section class=\"elementor-section elementor-top-section elementor-element elementor-element-7dec068a elementor-section-content-middle elementor-section-boxed elementor-section-height-default elementor-section-height-default wpr-particle-no wpr-jarallax-no wpr-parallax-no wpr-sticky-section-no wpr-equal-height-no\" data-id=\"7dec068a\" data-element_type=\"section\" data-e-type=\"section\" data-settings=\"{&quot;background_background&quot;:&quot;classic&quot;}\">\n\t\t\t\t\t\t\t<div class=\"elementor-background-overlay\"><\/div>\n\t\t\t\t\t\t\t<div class=\"elementor-container elementor-column-gap-no\">\n\t\t\t\t\t<div class=\"elementor-column elementor-col-100 elementor-top-column elementor-element elementor-element-10b55122\" data-id=\"10b55122\" data-element_type=\"column\" data-e-type=\"column\">\n\t\t\t<div class=\"elementor-widget-wrap elementor-element-populated\">\n\t\t\t\t\t\t<div class=\"elementor-element elementor-element-6c674de9 elementor-widget elementor-widget-heading\" data-id=\"6c674de9\" data-element_type=\"widget\" data-e-type=\"widget\" data-widget_type=\"heading.default\">\n\t\t\t\t<div class=\"elementor-widget-container\">\n\t\t\t\t\t<h6 class=\"elementor-heading-title elementor-size-default\">News<\/h6>\t\t\t\t<\/div>\n\t\t\t\t<\/div>\n\t\t\t\t<div class=\"elementor-element elementor-element-8875313 elementor-widget elementor-widget-heading\" data-id=\"8875313\" data-element_type=\"widget\" data-e-type=\"widget\" data-widget_type=\"heading.default\">\n\t\t\t\t<div class=\"elementor-widget-container\">\n\t\t\t\t\t<h1 class=\"elementor-heading-title elementor-size-default\">Alles was du wissen musst<\/h1>\t\t\t\t<\/div>\n\t\t\t\t<\/div>\n\t\t\t\t\t<\/div>\n\t\t<\/div>\n\t\t\t\t\t<\/div>\n\t\t<\/section>\n\t\t\t\t<section class=\"elementor-section elementor-top-section elementor-element elementor-element-054152f elementor-section-boxed elementor-section-height-default elementor-section-height-default wpr-particle-no wpr-jarallax-no wpr-parallax-no wpr-sticky-section-no wpr-equal-height-no\" data-id=\"054152f\" data-element_type=\"section\" data-e-type=\"section\">\n\t\t\t\t\t\t<div class=\"elementor-container elementor-column-gap-default\">\n\t\t\t\t\t<div class=\"elementor-column elementor-col-100 elementor-top-column elementor-element elementor-element-0ea52e7\" data-id=\"0ea52e7\" data-element_type=\"column\" data-e-type=\"column\">\n\t\t\t<div class=\"elementor-widget-wrap elementor-element-populated\">\n\t\t\t\t\t\t<div class=\"elementor-element elementor-element-fbc1ade premium-blog-align-left elementor-widget elementor-widget-premium-addon-blog\" data-id=\"fbc1ade\" data-element_type=\"widget\" data-e-type=\"widget\" data-settings=\"{&quot;premium_blog_columns_number&quot;:&quot;33.33%&quot;,&quot;force_height&quot;:&quot;true&quot;,&quot;premium_blog_grid&quot;:&quot;yes&quot;,&quot;premium_blog_layout&quot;:&quot;even&quot;,&quot;premium_blog_columns_number_tablet&quot;:&quot;50%&quot;,&quot;premium_blog_columns_number_mobile&quot;:&quot;100%&quot;,&quot;scroll_to_offset&quot;:&quot;yes&quot;}\" data-widget_type=\"premium-addon-blog.default\">\n\t\t\t\t<div class=\"elementor-widget-container\">\n\t\t\t\t\t\n\t\t\n\n\t\t\t\t<div class=\"premium-blog-wrap  premium-blog-even\" data-page=\"816\" data-pagination=\"true\">\n\t\t\t\t\t\t\t\t\t<div class=\"premium-blog-post-outer-container\" data-total=\"3\">\n\t\t\t<div class=\"premium-blog-post-container premium-blog-skin-modern\">\n\t\t\t\t\t\t\t\t\t<div class=\"premium-blog-thumb-effect-wrapper\">\n\t\t\t\t\t\t<div class=\"premium-blog-thumbnail-container premium-blog-zoomin-effect\">\n\t\t\t\t\t\t\t\t\t\t\t<a href=\"https:\/\/rwsv.de\/index.php\/elementor-4381\/\" target=\"_blank\">\n\t\t\t\t<img fetchpriority=\"high\" decoding=\"async\" width=\"768\" height=\"1024\" src=\"https:\/\/rwsv.de\/wp-content\/uploads\/2026\/04\/IMG-20260408-WA0001-768x1024.jpg\" class=\"attachment-large size-large wp-image-4389\" alt=\"\" srcset=\"https:\/\/rwsv.de\/wp-content\/uploads\/2026\/04\/IMG-20260408-WA0001-768x1024.jpg 768w, https:\/\/rwsv.de\/wp-content\/uploads\/2026\/04\/IMG-20260408-WA0001-225x300.jpg 225w, https:\/\/rwsv.de\/wp-content\/uploads\/2026\/04\/IMG-20260408-WA0001-113x150.jpg 113w, https:\/\/rwsv.de\/wp-content\/uploads\/2026\/04\/IMG-20260408-WA0001-1152x1536.jpg 1152w, https:\/\/rwsv.de\/wp-content\/uploads\/2026\/04\/IMG-20260408-WA0001.jpg 1500w\" sizes=\"(max-width: 768px) 100vw, 768px\" \/>\t\t\t\t<\/a>\n\t\t\t\t\t\t\t\t\t\t<\/div>\n\t\t\t\t\t\t\t\t\t\t\t\t\t<div class=\"premium-blog-effect-container premium-blog-framed-effect\">\n\t\t\t\t\t\t\t\t<a class=\"premium-blog-post-link\" href=\"https:\/\/rwsv.de\/index.php\/elementor-4381\/\" target=\"_blank\"><span>FERIENSPIELE AUF DER ST.VITER ALM<\/span><\/a>\n\t\t\t\t\t\t\t\t\t\t\t\t\t\t\t<\/div>\n\t\t\t\t\t\t\t\t\t\t\t<\/div>\n\t\t\t\t\t\t\t\t\t\t\t\t<div class=\"premium-blog-content-wrapper \">\n\n\t\t\t\t\t<div class=\"premium-blog-inner-container\">\n\n\t\t\t\t\t\t\t\t\t\t\t\t\t\t<p class=\"premium-blog-entry-title\">\n\t\t\t<a href=\"https:\/\/rwsv.de\/index.php\/elementor-4381\/\" target=\"_blank\">\n\t\t\t\tFERIENSPIELE AUF DER ST.VITER ALM\t\t\t<\/a>\n\t\t<\/p>\n\t\t\t\t<div class=\"premium-blog-entry-meta\">\n\t\t\t\t\t\t\t<div class=\"premium-blog-post-author premium-blog-meta-data\">\n\t\t\t\t\t<i class=\"fa fa-user fa-fw\" aria-hidden=\"true\"><\/i>\n\t\t\t\t\t<a href=\"https:\/\/rwsv.de\/index.php\/author\/siede\/\" title=\"Beitr\u00e4ge von admin\" rel=\"author\">admin<\/a>\t\t\t\t<\/div>\n\t\t\t\n\t\t\t\t\t\t\t<span class=\"premium-blog-meta-separator\">\u2022<\/span>\n\t\t\t\t<div class=\"premium-blog-post-time premium-blog-meta-data\">\n\t\t\t\t\t<i class=\"fa fa-calendar-alt\" aria-hidden=\"true\"><\/i>\n\t\t\t\t\t<span>09\/04\/2026<\/span>\n\t\t\t\t<\/div>\n\t\t\t\n\t\t\t\n\t\t\t\t\t<\/div>\n\t\t\n\t\t\t\t\t<\/div>\n\n\t\t\t\t\t\t\t<div class=\"premium-blog-content-inner-wrapper\">\n\t\t<p class=\"premium-blog-post-content\">Lohmann und Vitus zu Besuch: Arminia Fu\u00dfballschule begeistert 80 Kinder bei Rot-Weiss St. Vit Von Dienstag bis Freitag verwandelte sich der Platz<\/p><div class=\"premium-blog-excerpt-link-wrap\"><a href=\"https:\/\/rwsv.de\/index.php\/elementor-4381\/\" target=\"_blank\" class=\"premium-blog-excerpt-link elementor-button\">Read More \u00bb<\/a><\/div>\t\t<\/div>\n\t\t\t\t\t\t\t\n\t\t\t\t<\/div>\n\t\t\t<\/div>\n\t\t<\/div>\n\n\t\t\t\t<div class=\"premium-blog-post-outer-container\" data-total=\"3\">\n\t\t\t<div class=\"premium-blog-post-container premium-blog-skin-modern\">\n\t\t\t\t\t\t\t\t\t<div class=\"premium-blog-thumb-effect-wrapper\">\n\t\t\t\t\t\t<div class=\"premium-blog-thumbnail-container premium-blog-zoomin-effect\">\n\t\t\t\t\t\t\t\t\t\t\t<a href=\"https:\/\/rwsv.de\/index.php\/elementor-4345\/\" target=\"_blank\">\n\t\t\t\t<img decoding=\"async\" width=\"687\" height=\"1024\" src=\"https:\/\/rwsv.de\/wp-content\/uploads\/2026\/03\/IMG-20260321-WA0008-687x1024.jpg\" class=\"attachment-large size-large wp-image-4347\" alt=\"\" srcset=\"https:\/\/rwsv.de\/wp-content\/uploads\/2026\/03\/IMG-20260321-WA0008-687x1024.jpg 687w, https:\/\/rwsv.de\/wp-content\/uploads\/2026\/03\/IMG-20260321-WA0008-201x300.jpg 201w, https:\/\/rwsv.de\/wp-content\/uploads\/2026\/03\/IMG-20260321-WA0008-101x150.jpg 101w, https:\/\/rwsv.de\/wp-content\/uploads\/2026\/03\/IMG-20260321-WA0008-768x1144.jpg 768w, https:\/\/rwsv.de\/wp-content\/uploads\/2026\/03\/IMG-20260321-WA0008-1031x1536.jpg 1031w, https:\/\/rwsv.de\/wp-content\/uploads\/2026\/03\/IMG-20260321-WA0008.jpg 1074w\" sizes=\"(max-width: 687px) 100vw, 687px\" \/>\t\t\t\t<\/a>\n\t\t\t\t\t\t\t\t\t\t<\/div>\n\t\t\t\t\t\t\t\t\t\t\t\t\t<div class=\"premium-blog-effect-container premium-blog-framed-effect\">\n\t\t\t\t\t\t\t\t<a class=\"premium-blog-post-link\" href=\"https:\/\/rwsv.de\/index.php\/elementor-4345\/\" target=\"_blank\"><span>Nach 46 Jahren Vorsitz<\/span><\/a>\n\t\t\t\t\t\t\t\t\t\t\t\t\t\t\t<\/div>\n\t\t\t\t\t\t\t\t\t\t\t<\/div>\n\t\t\t\t\t\t\t\t\t\t\t\t<div class=\"premium-blog-content-wrapper \">\n\n\t\t\t\t\t<div class=\"premium-blog-inner-container\">\n\n\t\t\t\t\t\t\t\t\t\t\t\t\t\t<p class=\"premium-blog-entry-title\">\n\t\t\t<a href=\"https:\/\/rwsv.de\/index.php\/elementor-4345\/\" target=\"_blank\">\n\t\t\t\tNach 46 Jahren Vorsitz\t\t\t<\/a>\n\t\t<\/p>\n\t\t\t\t<div class=\"premium-blog-entry-meta\">\n\t\t\t\t\t\t\t<div class=\"premium-blog-post-author premium-blog-meta-data\">\n\t\t\t\t\t<i class=\"fa fa-user fa-fw\" aria-hidden=\"true\"><\/i>\n\t\t\t\t\t<a href=\"https:\/\/rwsv.de\/index.php\/author\/siede\/\" title=\"Beitr\u00e4ge von admin\" rel=\"author\">admin<\/a>\t\t\t\t<\/div>\n\t\t\t\n\t\t\t\t\t\t\t<span class=\"premium-blog-meta-separator\">\u2022<\/span>\n\t\t\t\t<div class=\"premium-blog-post-time premium-blog-meta-data\">\n\t\t\t\t\t<i class=\"fa fa-calendar-alt\" aria-hidden=\"true\"><\/i>\n\t\t\t\t\t<span>27\/03\/2026<\/span>\n\t\t\t\t<\/div>\n\t\t\t\n\t\t\t\n\t\t\t\t\t<\/div>\n\t\t\n\t\t\t\t\t<\/div>\n\n\t\t\t\t\t\t\t<div class=\"premium-blog-content-inner-wrapper\">\n\t\t<p class=\"premium-blog-post-content\">Gerd Siede beendet sein Amt als Vorsitzender des Vereins 20. M\u00e4rz 2026 Wer h\u00e4tte gedacht, dass aus einer fu\u00dfballbegeisterten Thekenmannschaft am 01.<\/p><div class=\"premium-blog-excerpt-link-wrap\"><a href=\"https:\/\/rwsv.de\/index.php\/elementor-4345\/\" target=\"_blank\" class=\"premium-blog-excerpt-link elementor-button\">Read More \u00bb<\/a><\/div>\t\t<\/div>\n\t\t\t\t\t\t\t\n\t\t\t\t<\/div>\n\t\t\t<\/div>\n\t\t<\/div>\n\n\t\t\t\t<div class=\"premium-blog-post-outer-container\" data-total=\"3\">\n\t\t\t<div class=\"premium-blog-post-container premium-blog-skin-modern\">\n\t\t\t\t\t\t\t\t\t<div class=\"premium-blog-thumb-effect-wrapper\">\n\t\t\t\t\t\t<div class=\"premium-blog-thumbnail-container premium-blog-zoomin-effect\">\n\t\t\t\t\t\t\t\t\t\t\t<a href=\"https:\/\/rwsv.de\/index.php\/elementor-4329\/\" target=\"_blank\">\n\t\t\t\t<img decoding=\"async\" width=\"886\" height=\"1024\" src=\"https:\/\/rwsv.de\/wp-content\/uploads\/2026\/03\/71824-886x1024.jpg\" class=\"attachment-large size-large wp-image-4398\" alt=\"\" srcset=\"https:\/\/rwsv.de\/wp-content\/uploads\/2026\/03\/71824-886x1024.jpg 886w, https:\/\/rwsv.de\/wp-content\/uploads\/2026\/03\/71824-259x300.jpg 259w, https:\/\/rwsv.de\/wp-content\/uploads\/2026\/03\/71824-130x150.jpg 130w, https:\/\/rwsv.de\/wp-content\/uploads\/2026\/03\/71824-768x888.jpg 768w, https:\/\/rwsv.de\/wp-content\/uploads\/2026\/03\/71824-1328x1536.jpg 1328w, https:\/\/rwsv.de\/wp-content\/uploads\/2026\/03\/71824.jpg 1600w\" sizes=\"(max-width: 886px) 100vw, 886px\" \/>\t\t\t\t<\/a>\n\t\t\t\t\t\t\t\t\t\t<\/div>\n\t\t\t\t\t\t\t\t\t\t\t\t\t<div class=\"premium-blog-effect-container premium-blog-framed-effect\">\n\t\t\t\t\t\t\t\t<a class=\"premium-blog-post-link\" href=\"https:\/\/rwsv.de\/index.php\/elementor-4329\/\" target=\"_blank\"><span>Bericht JHV 2026<\/span><\/a>\n\t\t\t\t\t\t\t\t\t\t\t\t\t\t\t<\/div>\n\t\t\t\t\t\t\t\t\t\t\t<\/div>\n\t\t\t\t\t\t\t\t\t\t\t\t<div class=\"premium-blog-content-wrapper \">\n\n\t\t\t\t\t<div class=\"premium-blog-inner-container\">\n\n\t\t\t\t\t\t\t\t\t\t\t\t\t\t<p class=\"premium-blog-entry-title\">\n\t\t\t<a href=\"https:\/\/rwsv.de\/index.php\/elementor-4329\/\" target=\"_blank\">\n\t\t\t\tBericht JHV 2026\t\t\t<\/a>\n\t\t<\/p>\n\t\t\t\t<div class=\"premium-blog-entry-meta\">\n\t\t\t\t\t\t\t<div class=\"premium-blog-post-author premium-blog-meta-data\">\n\t\t\t\t\t<i class=\"fa fa-user fa-fw\" aria-hidden=\"true\"><\/i>\n\t\t\t\t\t<a href=\"https:\/\/rwsv.de\/index.php\/author\/siede\/\" title=\"Beitr\u00e4ge von admin\" rel=\"author\">admin<\/a>\t\t\t\t<\/div>\n\t\t\t\n\t\t\t\t\t\t\t<span class=\"premium-blog-meta-separator\">\u2022<\/span>\n\t\t\t\t<div class=\"premium-blog-post-time premium-blog-meta-data\">\n\t\t\t\t\t<i class=\"fa fa-calendar-alt\" aria-hidden=\"true\"><\/i>\n\t\t\t\t\t<span>27\/03\/2026<\/span>\n\t\t\t\t<\/div>\n\t\t\t\n\t\t\t\n\t\t\t\t\t<\/div>\n\t\t\n\t\t\t\t\t<\/div>\n\n\t\t\t\t\t\t\t<div class=\"premium-blog-content-inner-wrapper\">\n\t\t<p class=\"premium-blog-post-content\">Bericht zur Jahreshauptversammlung 2026 Zur Mitgliederversammlung des Vereins am 20.03.2026 konnte der Vorsitzende, Gerd Siede 100 von insgesamt 560 Mitgliedern im Vitushaus<\/p><div class=\"premium-blog-excerpt-link-wrap\"><a href=\"https:\/\/rwsv.de\/index.php\/elementor-4329\/\" target=\"_blank\" class=\"premium-blog-excerpt-link elementor-button\">Read More \u00bb<\/a><\/div>\t\t<\/div>\n\t\t\t\t\t\t\t\n\t\t\t\t<\/div>\n\t\t\t<\/div>\n\t\t<\/div>\n\n\t\t\t\t<div class=\"premium-blog-post-outer-container\" data-total=\"3\">\n\t\t\t<div class=\"premium-blog-post-container premium-blog-skin-modern\">\n\t\t\t\t\t\t\t\t\t<div class=\"premium-blog-thumb-effect-wrapper\">\n\t\t\t\t\t\t<div class=\"premium-blog-thumbnail-container premium-blog-zoomin-effect\">\n\t\t\t\t\t\t\t\t\t\t\t<a href=\"https:\/\/rwsv.de\/index.php\/elementor-4266\/\" target=\"_blank\">\n\t\t\t\t<img loading=\"lazy\" decoding=\"async\" width=\"742\" height=\"846\" src=\"https:\/\/rwsv.de\/wp-content\/uploads\/2022\/08\/LogoRWSt.jpg\" class=\"attachment-large size-large wp-image-7\" alt=\"Logo - Rot-Weiss St. Vit e.V.\" srcset=\"https:\/\/rwsv.de\/wp-content\/uploads\/2022\/08\/LogoRWSt.jpg 742w, https:\/\/rwsv.de\/wp-content\/uploads\/2022\/08\/LogoRWSt-263x300.jpg 263w, https:\/\/rwsv.de\/wp-content\/uploads\/2022\/08\/LogoRWSt-132x150.jpg 132w, https:\/\/rwsv.de\/wp-content\/uploads\/2022\/08\/LogoRWSt-100x114.jpg 100w\" sizes=\"(max-width: 742px) 100vw, 742px\" \/>\t\t\t\t<\/a>\n\t\t\t\t\t\t\t\t\t\t<\/div>\n\t\t\t\t\t\t\t\t\t\t\t\t\t<div class=\"premium-blog-effect-container premium-blog-framed-effect\">\n\t\t\t\t\t\t\t\t<a class=\"premium-blog-post-link\" href=\"https:\/\/rwsv.de\/index.php\/elementor-4266\/\" target=\"_blank\"><span>JHV 2026<\/span><\/a>\n\t\t\t\t\t\t\t\t\t\t\t\t\t\t\t<\/div>\n\t\t\t\t\t\t\t\t\t\t\t<\/div>\n\t\t\t\t\t\t\t\t\t\t\t\t<div class=\"premium-blog-content-wrapper \">\n\n\t\t\t\t\t<div class=\"premium-blog-inner-container\">\n\n\t\t\t\t\t\t\t\t\t\t\t\t\t\t<p class=\"premium-blog-entry-title\">\n\t\t\t<a href=\"https:\/\/rwsv.de\/index.php\/elementor-4266\/\" target=\"_blank\">\n\t\t\t\tJHV 2026\t\t\t<\/a>\n\t\t<\/p>\n\t\t\t\t<div class=\"premium-blog-entry-meta\">\n\t\t\t\t\t\t\t<div class=\"premium-blog-post-author premium-blog-meta-data\">\n\t\t\t\t\t<i class=\"fa fa-user fa-fw\" aria-hidden=\"true\"><\/i>\n\t\t\t\t\t<a href=\"https:\/\/rwsv.de\/index.php\/author\/siede\/\" title=\"Beitr\u00e4ge von admin\" rel=\"author\">admin<\/a>\t\t\t\t<\/div>\n\t\t\t\n\t\t\t\t\t\t\t<span class=\"premium-blog-meta-separator\">\u2022<\/span>\n\t\t\t\t<div class=\"premium-blog-post-time premium-blog-meta-data\">\n\t\t\t\t\t<i class=\"fa fa-calendar-alt\" aria-hidden=\"true\"><\/i>\n\t\t\t\t\t<span>20\/02\/2026<\/span>\n\t\t\t\t<\/div>\n\t\t\t\n\t\t\t\n\t\t\t\t\t<\/div>\n\t\t\n\t\t\t\t\t<\/div>\n\n\t\t\t\t\t\t\t<div class=\"premium-blog-content-inner-wrapper\">\n\t\t<p class=\"premium-blog-post-content\">&#8211; Einladung zur Jahreshauptversammlung 2026 &#8211; Liebe Vereinsmitglieder, zu unserer Jahreshauptversammlung am Freitag, den 20.03.2026 laden wir Euch herzlich ein. Beginn 19:00<\/p><div class=\"premium-blog-excerpt-link-wrap\"><a href=\"https:\/\/rwsv.de\/index.php\/elementor-4266\/\" target=\"_blank\" class=\"premium-blog-excerpt-link elementor-button\">Read More \u00bb<\/a><\/div>\t\t<\/div>\n\t\t\t\t\t\t\t\n\t\t\t\t<\/div>\n\t\t\t<\/div>\n\t\t<\/div>\n\n\t\t\t\t<div class=\"premium-blog-post-outer-container\" data-total=\"3\">\n\t\t\t<div class=\"premium-blog-post-container premium-blog-skin-modern\">\n\t\t\t\t\t\t\t\t\t\t\t\t<div class=\"premium-blog-content-wrapper empty-thumb\">\n\n\t\t\t\t\t<div class=\"premium-blog-inner-container\">\n\n\t\t\t\t\t\t\t\t\t\t\t\t\t\t<p class=\"premium-blog-entry-title\">\n\t\t\t<a href=\"https:\/\/rwsv.de\/index.php\/nikolaus-ueberraschung\/\" target=\"_blank\">\n\t\t\t\tNikolaus-\u00dcberraschung\t\t\t<\/a>\n\t\t<\/p>\n\t\t\t\t<div class=\"premium-blog-entry-meta\">\n\t\t\t\t\t\t\t<div class=\"premium-blog-post-author premium-blog-meta-data\">\n\t\t\t\t\t<i class=\"fa fa-user fa-fw\" aria-hidden=\"true\"><\/i>\n\t\t\t\t\t<a href=\"https:\/\/rwsv.de\/index.php\/author\/siede\/\" title=\"Beitr\u00e4ge von admin\" rel=\"author\">admin<\/a>\t\t\t\t<\/div>\n\t\t\t\n\t\t\t\t\t\t\t<span class=\"premium-blog-meta-separator\">\u2022<\/span>\n\t\t\t\t<div class=\"premium-blog-post-time premium-blog-meta-data\">\n\t\t\t\t\t<i class=\"fa fa-calendar-alt\" aria-hidden=\"true\"><\/i>\n\t\t\t\t\t<span>22\/12\/2025<\/span>\n\t\t\t\t<\/div>\n\t\t\t\n\t\t\t\n\t\t\t\t\t<\/div>\n\t\t\n\t\t\t\t\t<\/div>\n\n\t\t\t\t\t\t\t<div class=\"premium-blog-content-inner-wrapper\">\n\t\t<p class=\"premium-blog-post-content\">Der Nikolaus bei den RW-Minis Was f\u00fcr eine tolle \u00dcberraschung: Nach dem letzten Training der G-Jugend kam der Nikolaus und brachte f\u00fcr<\/p><div class=\"premium-blog-excerpt-link-wrap\"><a href=\"https:\/\/rwsv.de\/index.php\/nikolaus-ueberraschung\/\" target=\"_blank\" class=\"premium-blog-excerpt-link elementor-button\">Read More \u00bb<\/a><\/div>\t\t<\/div>\n\t\t\t\t\t\t\t\n\t\t\t\t<\/div>\n\t\t\t<\/div>\n\t\t<\/div>\n\n\t\t\t\t<div class=\"premium-blog-post-outer-container\" data-total=\"3\">\n\t\t\t<div class=\"premium-blog-post-container premium-blog-skin-modern\">\n\t\t\t\t\t\t\t\t\t<div class=\"premium-blog-thumb-effect-wrapper\">\n\t\t\t\t\t\t<div class=\"premium-blog-thumbnail-container premium-blog-zoomin-effect\">\n\t\t\t\t\t\t\t\t\t\t\t<a href=\"https:\/\/rwsv.de\/index.php\/elementor-4155\/\" target=\"_blank\">\n\t\t\t\t<img loading=\"lazy\" decoding=\"async\" width=\"768\" height=\"1024\" src=\"https:\/\/rwsv.de\/wp-content\/uploads\/2025\/12\/IMG-20251206-WA0011-768x1024.jpg\" class=\"attachment-large size-large wp-image-4131\" alt=\"\" srcset=\"https:\/\/rwsv.de\/wp-content\/uploads\/2025\/12\/IMG-20251206-WA0011-768x1024.jpg 768w, https:\/\/rwsv.de\/wp-content\/uploads\/2025\/12\/IMG-20251206-WA0011-225x300.jpg 225w, https:\/\/rwsv.de\/wp-content\/uploads\/2025\/12\/IMG-20251206-WA0011-113x150.jpg 113w, https:\/\/rwsv.de\/wp-content\/uploads\/2025\/12\/IMG-20251206-WA0011-1152x1536.jpg 1152w, https:\/\/rwsv.de\/wp-content\/uploads\/2025\/12\/IMG-20251206-WA0011.jpg 1200w\" sizes=\"(max-width: 768px) 100vw, 768px\" \/>\t\t\t\t<\/a>\n\t\t\t\t\t\t\t\t\t\t<\/div>\n\t\t\t\t\t\t\t\t\t\t\t\t\t<div class=\"premium-blog-effect-container premium-blog-framed-effect\">\n\t\t\t\t\t\t\t\t<a class=\"premium-blog-post-link\" href=\"https:\/\/rwsv.de\/index.php\/elementor-4155\/\" target=\"_blank\"><span>Weihnachtsgr\u00fc\u00dfe 2025<\/span><\/a>\n\t\t\t\t\t\t\t\t\t\t\t\t\t\t\t<\/div>\n\t\t\t\t\t\t\t\t\t\t\t<\/div>\n\t\t\t\t\t\t\t\t\t\t\t\t<div class=\"premium-blog-content-wrapper \">\n\n\t\t\t\t\t<div class=\"premium-blog-inner-container\">\n\n\t\t\t\t\t\t\t\t\t\t\t\t\t\t<p class=\"premium-blog-entry-title\">\n\t\t\t<a href=\"https:\/\/rwsv.de\/index.php\/elementor-4155\/\" target=\"_blank\">\n\t\t\t\tWeihnachtsgr\u00fc\u00dfe 2025\t\t\t<\/a>\n\t\t<\/p>\n\t\t\t\t<div class=\"premium-blog-entry-meta\">\n\t\t\t\t\t\t\t<div class=\"premium-blog-post-author premium-blog-meta-data\">\n\t\t\t\t\t<i class=\"fa fa-user fa-fw\" aria-hidden=\"true\"><\/i>\n\t\t\t\t\t<a href=\"https:\/\/rwsv.de\/index.php\/author\/siede\/\" title=\"Beitr\u00e4ge von admin\" rel=\"author\">admin<\/a>\t\t\t\t<\/div>\n\t\t\t\n\t\t\t\t\t\t\t<span class=\"premium-blog-meta-separator\">\u2022<\/span>\n\t\t\t\t<div class=\"premium-blog-post-time premium-blog-meta-data\">\n\t\t\t\t\t<i class=\"fa fa-calendar-alt\" aria-hidden=\"true\"><\/i>\n\t\t\t\t\t<span>08\/12\/2025<\/span>\n\t\t\t\t<\/div>\n\t\t\t\n\t\t\t\n\t\t\t\t\t<\/div>\n\t\t\n\t\t\t\t\t<\/div>\n\n\t\t\t\t\t\t\t<div class=\"premium-blog-content-inner-wrapper\">\n\t\t<p class=\"premium-blog-post-content\">Wir w\u00fcnschen allen Mitgliedern, Freunden und Sponsoren unseres Vereins eine sch\u00f6ne Vorweihnachtszeit, frohe Weihnachten und einen guten Rutsch ins neue Jahr.<\/p><div class=\"premium-blog-excerpt-link-wrap\"><a href=\"https:\/\/rwsv.de\/index.php\/elementor-4155\/\" target=\"_blank\" class=\"premium-blog-excerpt-link elementor-button\">Read More \u00bb<\/a><\/div>\t\t<\/div>\n\t\t\t\t\t\t\t\n\t\t\t\t<\/div>\n\t\t\t<\/div>\n\t\t<\/div>\n\n\t\t\t\t<div class=\"premium-blog-post-outer-container\" data-total=\"3\">\n\t\t\t<div class=\"premium-blog-post-container premium-blog-skin-modern\">\n\t\t\t\t\t\t\t\t\t<div class=\"premium-blog-thumb-effect-wrapper\">\n\t\t\t\t\t\t<div class=\"premium-blog-thumbnail-container premium-blog-zoomin-effect\">\n\t\t\t\t\t\t\t\t\t\t\t<a href=\"https:\/\/rwsv.de\/index.php\/elementor-3751\/\" target=\"_blank\">\n\t\t\t\t<img loading=\"lazy\" decoding=\"async\" width=\"1024\" height=\"682\" src=\"https:\/\/rwsv.de\/wp-content\/uploads\/2024\/06\/2024.07-Kinder-Spendenlauf-1024x682.jpg\" class=\"attachment-large size-large wp-image-2858\" alt=\"\" srcset=\"https:\/\/rwsv.de\/wp-content\/uploads\/2024\/06\/2024.07-Kinder-Spendenlauf-1024x682.jpg 1024w, https:\/\/rwsv.de\/wp-content\/uploads\/2024\/06\/2024.07-Kinder-Spendenlauf-300x200.jpg 300w, https:\/\/rwsv.de\/wp-content\/uploads\/2024\/06\/2024.07-Kinder-Spendenlauf-150x100.jpg 150w, https:\/\/rwsv.de\/wp-content\/uploads\/2024\/06\/2024.07-Kinder-Spendenlauf-768x511.jpg 768w, https:\/\/rwsv.de\/wp-content\/uploads\/2024\/06\/2024.07-Kinder-Spendenlauf.jpg 1280w\" sizes=\"(max-width: 1024px) 100vw, 1024px\" \/>\t\t\t\t<\/a>\n\t\t\t\t\t\t\t\t\t\t<\/div>\n\t\t\t\t\t\t\t\t\t\t\t\t\t<div class=\"premium-blog-effect-container premium-blog-framed-effect\">\n\t\t\t\t\t\t\t\t<a class=\"premium-blog-post-link\" href=\"https:\/\/rwsv.de\/index.php\/elementor-3751\/\" target=\"_blank\"><span>kinder-Lauftraining<\/span><\/a>\n\t\t\t\t\t\t\t\t\t\t\t\t\t\t\t<\/div>\n\t\t\t\t\t\t\t\t\t\t\t<\/div>\n\t\t\t\t\t\t\t\t\t\t\t\t<div class=\"premium-blog-content-wrapper \">\n\n\t\t\t\t\t<div class=\"premium-blog-inner-container\">\n\n\t\t\t\t\t\t\t\t\t\t\t\t\t\t<p class=\"premium-blog-entry-title\">\n\t\t\t<a href=\"https:\/\/rwsv.de\/index.php\/elementor-3751\/\" target=\"_blank\">\n\t\t\t\tkinder-Lauftraining\t\t\t<\/a>\n\t\t<\/p>\n\t\t\t\t<div class=\"premium-blog-entry-meta\">\n\t\t\t\t\t\t\t<div class=\"premium-blog-post-author premium-blog-meta-data\">\n\t\t\t\t\t<i class=\"fa fa-user fa-fw\" aria-hidden=\"true\"><\/i>\n\t\t\t\t\t<a href=\"https:\/\/rwsv.de\/index.php\/author\/siede\/\" title=\"Beitr\u00e4ge von admin\" rel=\"author\">admin<\/a>\t\t\t\t<\/div>\n\t\t\t\n\t\t\t\t\t\t\t<span class=\"premium-blog-meta-separator\">\u2022<\/span>\n\t\t\t\t<div class=\"premium-blog-post-time premium-blog-meta-data\">\n\t\t\t\t\t<i class=\"fa fa-calendar-alt\" aria-hidden=\"true\"><\/i>\n\t\t\t\t\t<span>23\/07\/2025<\/span>\n\t\t\t\t<\/div>\n\t\t\t\n\t\t\t\n\t\t\t\t\t<\/div>\n\t\t\n\t\t\t\t\t<\/div>\n\n\t\t\t\t\t\t\t<div class=\"premium-blog-content-inner-wrapper\">\n\t\t<p class=\"premium-blog-post-content\">F\u00fcr den Volkslauf &#8222;Laufen und Gutes tun&#8220; am 06. September 2025 bietet unsere Laufabteilung wieder ein Kinderlauftraining an. Aufgrund der gro\u00dfen Nachfrage<\/p><div class=\"premium-blog-excerpt-link-wrap\"><a href=\"https:\/\/rwsv.de\/index.php\/elementor-3751\/\" target=\"_blank\" class=\"premium-blog-excerpt-link elementor-button\">Read More \u00bb<\/a><\/div>\t\t<\/div>\n\t\t\t\t\t\t\t\n\t\t\t\t<\/div>\n\t\t\t<\/div>\n\t\t<\/div>\n\n\t\t\t\t<div class=\"premium-blog-post-outer-container\" data-total=\"3\">\n\t\t\t<div class=\"premium-blog-post-container premium-blog-skin-modern\">\n\t\t\t\t\t\t\t\t\t<div class=\"premium-blog-thumb-effect-wrapper\">\n\t\t\t\t\t\t<div class=\"premium-blog-thumbnail-container premium-blog-zoomin-effect\">\n\t\t\t\t\t\t\t\t\t\t\t<a href=\"https:\/\/rwsv.de\/index.php\/eroeffnung-rw-vereinsheim\/\" target=\"_blank\">\n\t\t\t\t<img loading=\"lazy\" decoding=\"async\" width=\"1024\" height=\"699\" src=\"https:\/\/rwsv.de\/wp-content\/uploads\/2025\/07\/DSC5125-1024x699.jpg\" class=\"attachment-large size-large wp-image-3506\" alt=\"\" srcset=\"https:\/\/rwsv.de\/wp-content\/uploads\/2025\/07\/DSC5125-1024x699.jpg 1024w, https:\/\/rwsv.de\/wp-content\/uploads\/2025\/07\/DSC5125-300x205.jpg 300w, https:\/\/rwsv.de\/wp-content\/uploads\/2025\/07\/DSC5125-150x102.jpg 150w, https:\/\/rwsv.de\/wp-content\/uploads\/2025\/07\/DSC5125-768x524.jpg 768w, https:\/\/rwsv.de\/wp-content\/uploads\/2025\/07\/DSC5125-1536x1048.jpg 1536w, https:\/\/rwsv.de\/wp-content\/uploads\/2025\/07\/DSC5125-2048x1397.jpg 2048w\" sizes=\"(max-width: 1024px) 100vw, 1024px\" \/>\t\t\t\t<\/a>\n\t\t\t\t\t\t\t\t\t\t<\/div>\n\t\t\t\t\t\t\t\t\t\t\t\t\t<div class=\"premium-blog-effect-container premium-blog-framed-effect\">\n\t\t\t\t\t\t\t\t<a class=\"premium-blog-post-link\" href=\"https:\/\/rwsv.de\/index.php\/eroeffnung-rw-vereinsheim\/\" target=\"_blank\"><span>Er\u00f6ffnung RW-Vereinsheim<\/span><\/a>\n\t\t\t\t\t\t\t\t\t\t\t\t\t\t\t<\/div>\n\t\t\t\t\t\t\t\t\t\t\t<\/div>\n\t\t\t\t\t\t\t\t\t\t\t\t<div class=\"premium-blog-content-wrapper \">\n\n\t\t\t\t\t<div class=\"premium-blog-inner-container\">\n\n\t\t\t\t\t\t\t\t\t\t\t\t\t\t<p class=\"premium-blog-entry-title\">\n\t\t\t<a href=\"https:\/\/rwsv.de\/index.php\/eroeffnung-rw-vereinsheim\/\" target=\"_blank\">\n\t\t\t\tEr\u00f6ffnung RW-Vereinsheim\t\t\t<\/a>\n\t\t<\/p>\n\t\t\t\t<div class=\"premium-blog-entry-meta\">\n\t\t\t\t\t\t\t<div class=\"premium-blog-post-author premium-blog-meta-data\">\n\t\t\t\t\t<i class=\"fa fa-user fa-fw\" aria-hidden=\"true\"><\/i>\n\t\t\t\t\t<a href=\"https:\/\/rwsv.de\/index.php\/author\/siede\/\" title=\"Beitr\u00e4ge von admin\" rel=\"author\">admin<\/a>\t\t\t\t<\/div>\n\t\t\t\n\t\t\t\t\t\t\t<span class=\"premium-blog-meta-separator\">\u2022<\/span>\n\t\t\t\t<div class=\"premium-blog-post-time premium-blog-meta-data\">\n\t\t\t\t\t<i class=\"fa fa-calendar-alt\" aria-hidden=\"true\"><\/i>\n\t\t\t\t\t<span>07\/07\/2025<\/span>\n\t\t\t\t<\/div>\n\t\t\t\n\t\t\t\n\t\t\t\t\t<\/div>\n\t\t\n\t\t\t\t\t<\/div>\n\n\t\t\t\t\t\t\t<div class=\"premium-blog-content-inner-wrapper\">\n\t\t<p class=\"premium-blog-post-content\">\u00a0 Unter gro\u00dfem Interesse wurde am 29.06.2025 unser neues Vereinsheim offiziell er\u00f6ffnet. Schaut Euch die Bilder dazu mal in unserer Galerie an:<\/p><div class=\"premium-blog-excerpt-link-wrap\"><a href=\"https:\/\/rwsv.de\/index.php\/eroeffnung-rw-vereinsheim\/\" target=\"_blank\" class=\"premium-blog-excerpt-link elementor-button\">Read More \u00bb<\/a><\/div>\t\t<\/div>\n\t\t\t\t\t\t\t\n\t\t\t\t<\/div>\n\t\t\t<\/div>\n\t\t<\/div>\n\n\t\t\t\t<div class=\"premium-blog-post-outer-container\" data-total=\"3\">\n\t\t\t<div class=\"premium-blog-post-container premium-blog-skin-modern\">\n\t\t\t\t\t\t\t\t\t<div class=\"premium-blog-thumb-effect-wrapper\">\n\t\t\t\t\t\t<div class=\"premium-blog-thumbnail-container premium-blog-zoomin-effect\">\n\t\t\t\t\t\t\t\t\t\t\t<a href=\"https:\/\/rwsv.de\/index.php\/tag-der-offenen-tuer\/\" target=\"_blank\">\n\t\t\t\t<img loading=\"lazy\" decoding=\"async\" width=\"1024\" height=\"478\" src=\"https:\/\/rwsv.de\/wp-content\/uploads\/2025\/06\/Vereinsheim_1-1024x478.jpg\" class=\"attachment-large size-large wp-image-3398\" alt=\"\" srcset=\"https:\/\/rwsv.de\/wp-content\/uploads\/2025\/06\/Vereinsheim_1-1024x478.jpg 1024w, https:\/\/rwsv.de\/wp-content\/uploads\/2025\/06\/Vereinsheim_1-300x140.jpg 300w, https:\/\/rwsv.de\/wp-content\/uploads\/2025\/06\/Vereinsheim_1-150x70.jpg 150w, https:\/\/rwsv.de\/wp-content\/uploads\/2025\/06\/Vereinsheim_1-768x359.jpg 768w, https:\/\/rwsv.de\/wp-content\/uploads\/2025\/06\/Vereinsheim_1-1536x717.jpg 1536w, https:\/\/rwsv.de\/wp-content\/uploads\/2025\/06\/Vereinsheim_1.jpg 1595w\" sizes=\"(max-width: 1024px) 100vw, 1024px\" \/>\t\t\t\t<\/a>\n\t\t\t\t\t\t\t\t\t\t<\/div>\n\t\t\t\t\t\t\t\t\t\t\t\t\t<div class=\"premium-blog-effect-container premium-blog-framed-effect\">\n\t\t\t\t\t\t\t\t<a class=\"premium-blog-post-link\" href=\"https:\/\/rwsv.de\/index.php\/tag-der-offenen-tuer\/\" target=\"_blank\"><span>TAG DER OFFENEN T\u00dcR      29.06.2025<\/span><\/a>\n\t\t\t\t\t\t\t\t\t\t\t\t\t\t\t<\/div>\n\t\t\t\t\t\t\t\t\t\t\t<\/div>\n\t\t\t\t\t\t\t\t\t\t\t\t<div class=\"premium-blog-content-wrapper \">\n\n\t\t\t\t\t<div class=\"premium-blog-inner-container\">\n\n\t\t\t\t\t\t\t\t\t\t\t\t\t\t<p class=\"premium-blog-entry-title\">\n\t\t\t<a href=\"https:\/\/rwsv.de\/index.php\/tag-der-offenen-tuer\/\" target=\"_blank\">\n\t\t\t\tTAG DER OFFENEN T\u00dcR      29.06.2025\t\t\t<\/a>\n\t\t<\/p>\n\t\t\t\t<div class=\"premium-blog-entry-meta\">\n\t\t\t\t\t\t\t<div class=\"premium-blog-post-author premium-blog-meta-data\">\n\t\t\t\t\t<i class=\"fa fa-user fa-fw\" aria-hidden=\"true\"><\/i>\n\t\t\t\t\t<a href=\"https:\/\/rwsv.de\/index.php\/author\/siede\/\" title=\"Beitr\u00e4ge von admin\" rel=\"author\">admin<\/a>\t\t\t\t<\/div>\n\t\t\t\n\t\t\t\t\t\t\t<span class=\"premium-blog-meta-separator\">\u2022<\/span>\n\t\t\t\t<div class=\"premium-blog-post-time premium-blog-meta-data\">\n\t\t\t\t\t<i class=\"fa fa-calendar-alt\" aria-hidden=\"true\"><\/i>\n\t\t\t\t\t<span>20\/06\/2025<\/span>\n\t\t\t\t<\/div>\n\t\t\t\n\t\t\t\n\t\t\t\t\t<\/div>\n\t\t\n\t\t\t\t\t<\/div>\n\n\t\t\t\t\t\t\t<div class=\"premium-blog-content-inner-wrapper\">\n\t\t<p class=\"premium-blog-post-content\">Jetzt ist es endlich fertig \u2013 unser neues Vereinsheim.\u00a0 \u00a0 \u00a0 Das wollen wir mit einem Tag der offenen T\u00fcr feiern. Zur<\/p><div class=\"premium-blog-excerpt-link-wrap\"><a href=\"https:\/\/rwsv.de\/index.php\/tag-der-offenen-tuer\/\" target=\"_blank\" class=\"premium-blog-excerpt-link elementor-button\">Read More \u00bb<\/a><\/div>\t\t<\/div>\n\t\t\t\t\t\t\t\n\t\t\t\t<\/div>\n\t\t\t<\/div>\n\t\t<\/div>\n\n\t\t\t\t<div class=\"premium-blog-post-outer-container\" data-total=\"3\">\n\t\t\t<div class=\"premium-blog-post-container premium-blog-skin-modern\">\n\t\t\t\t\t\t\t\t\t<div class=\"premium-blog-thumb-effect-wrapper\">\n\t\t\t\t\t\t<div class=\"premium-blog-thumbnail-container premium-blog-zoomin-effect\">\n\t\t\t\t\t\t\t\t\t\t\t<a href=\"https:\/\/rwsv.de\/index.php\/sportwerbewoche-2025\/\" target=\"_blank\">\n\t\t\t\t<img loading=\"lazy\" decoding=\"async\" width=\"424\" height=\"283\" src=\"https:\/\/rwsv.de\/wp-content\/uploads\/2025\/06\/fussball-kinder.jpg\" class=\"attachment-large size-large wp-image-3385\" alt=\"\" srcset=\"https:\/\/rwsv.de\/wp-content\/uploads\/2025\/06\/fussball-kinder.jpg 424w, https:\/\/rwsv.de\/wp-content\/uploads\/2025\/06\/fussball-kinder-300x200.jpg 300w, https:\/\/rwsv.de\/wp-content\/uploads\/2025\/06\/fussball-kinder-150x100.jpg 150w\" sizes=\"(max-width: 424px) 100vw, 424px\" \/>\t\t\t\t<\/a>\n\t\t\t\t\t\t\t\t\t\t<\/div>\n\t\t\t\t\t\t\t\t\t\t\t\t\t<div class=\"premium-blog-effect-container premium-blog-framed-effect\">\n\t\t\t\t\t\t\t\t<a class=\"premium-blog-post-link\" href=\"https:\/\/rwsv.de\/index.php\/sportwerbewoche-2025\/\" target=\"_blank\"><span>Sportwerbewoche 2025<\/span><\/a>\n\t\t\t\t\t\t\t\t\t\t\t\t\t\t\t<\/div>\n\t\t\t\t\t\t\t\t\t\t\t<\/div>\n\t\t\t\t\t\t\t\t\t\t\t\t<div class=\"premium-blog-content-wrapper \">\n\n\t\t\t\t\t<div class=\"premium-blog-inner-container\">\n\n\t\t\t\t\t\t\t\t\t\t\t\t\t\t<p class=\"premium-blog-entry-title\">\n\t\t\t<a href=\"https:\/\/rwsv.de\/index.php\/sportwerbewoche-2025\/\" target=\"_blank\">\n\t\t\t\tSportwerbewoche 2025\t\t\t<\/a>\n\t\t<\/p>\n\t\t\t\t<div class=\"premium-blog-entry-meta\">\n\t\t\t\t\t\t\t<div class=\"premium-blog-post-author premium-blog-meta-data\">\n\t\t\t\t\t<i class=\"fa fa-user fa-fw\" aria-hidden=\"true\"><\/i>\n\t\t\t\t\t<a href=\"https:\/\/rwsv.de\/index.php\/author\/siede\/\" title=\"Beitr\u00e4ge von admin\" rel=\"author\">admin<\/a>\t\t\t\t<\/div>\n\t\t\t\n\t\t\t\t\t\t\t<span class=\"premium-blog-meta-separator\">\u2022<\/span>\n\t\t\t\t<div class=\"premium-blog-post-time premium-blog-meta-data\">\n\t\t\t\t\t<i class=\"fa fa-calendar-alt\" aria-hidden=\"true\"><\/i>\n\t\t\t\t\t<span>09\/06\/2025<\/span>\n\t\t\t\t<\/div>\n\t\t\t\n\t\t\t\n\t\t\t\t\t<\/div>\n\t\t\n\t\t\t\t\t<\/div>\n\n\t\t\t\t\t\t\t<div class=\"premium-blog-content-inner-wrapper\">\n\t\t<p class=\"premium-blog-post-content\">Sportwerbewoche 2025 18. &#8211; 22. Juni&nbsp; Das Programm: Mittwoch, 18.06.2025 17:00 &#8211; 18:30 Uhr&nbsp; &nbsp; &nbsp;Auftaktspiel unserer M\u00e4dchenmannschaft Freitag, 20.06.2025 ab 17:30<\/p><div class=\"premium-blog-excerpt-link-wrap\"><a href=\"https:\/\/rwsv.de\/index.php\/sportwerbewoche-2025\/\" target=\"_blank\" class=\"premium-blog-excerpt-link elementor-button\">Read More \u00bb<\/a><\/div>\t\t<\/div>\n\t\t\t\t\t\t\t\n\t\t\t\t<\/div>\n\t\t\t<\/div>\n\t\t<\/div>\n\n\t\t\t\t<div class=\"premium-blog-post-outer-container\" data-total=\"3\">\n\t\t\t<div class=\"premium-blog-post-container premium-blog-skin-modern\">\n\t\t\t\t\t\t\t\t\t<div class=\"premium-blog-thumb-effect-wrapper\">\n\t\t\t\t\t\t<div class=\"premium-blog-thumbnail-container premium-blog-zoomin-effect\">\n\t\t\t\t\t\t\t\t\t\t\t<a href=\"https:\/\/rwsv.de\/index.php\/elementor-3368\/\" target=\"_blank\">\n\t\t\t\t<img loading=\"lazy\" decoding=\"async\" width=\"600\" height=\"450\" src=\"https:\/\/rwsv.de\/wp-content\/uploads\/2025\/04\/Arminia-Ball.jpg\" class=\"attachment-large size-large wp-image-3370\" alt=\"\" srcset=\"https:\/\/rwsv.de\/wp-content\/uploads\/2025\/04\/Arminia-Ball.jpg 600w, https:\/\/rwsv.de\/wp-content\/uploads\/2025\/04\/Arminia-Ball-300x225.jpg 300w, https:\/\/rwsv.de\/wp-content\/uploads\/2025\/04\/Arminia-Ball-150x113.jpg 150w\" sizes=\"(max-width: 600px) 100vw, 600px\" \/>\t\t\t\t<\/a>\n\t\t\t\t\t\t\t\t\t\t<\/div>\n\t\t\t\t\t\t\t\t\t\t\t\t\t<div class=\"premium-blog-effect-container premium-blog-framed-effect\">\n\t\t\t\t\t\t\t\t<a class=\"premium-blog-post-link\" href=\"https:\/\/rwsv.de\/index.php\/elementor-3368\/\" target=\"_blank\"><span>SAVE THE DATE<\/span><\/a>\n\t\t\t\t\t\t\t\t\t\t\t\t\t\t\t<\/div>\n\t\t\t\t\t\t\t\t\t\t\t<\/div>\n\t\t\t\t\t\t\t\t\t\t\t\t<div class=\"premium-blog-content-wrapper \">\n\n\t\t\t\t\t<div class=\"premium-blog-inner-container\">\n\n\t\t\t\t\t\t\t\t\t\t\t\t\t\t<p class=\"premium-blog-entry-title\">\n\t\t\t<a href=\"https:\/\/rwsv.de\/index.php\/elementor-3368\/\" target=\"_blank\">\n\t\t\t\tSAVE THE DATE\t\t\t<\/a>\n\t\t<\/p>\n\t\t\t\t<div class=\"premium-blog-entry-meta\">\n\t\t\t\t\t\t\t<div class=\"premium-blog-post-author premium-blog-meta-data\">\n\t\t\t\t\t<i class=\"fa fa-user fa-fw\" aria-hidden=\"true\"><\/i>\n\t\t\t\t\t<a href=\"https:\/\/rwsv.de\/index.php\/author\/siede\/\" title=\"Beitr\u00e4ge von admin\" rel=\"author\">admin<\/a>\t\t\t\t<\/div>\n\t\t\t\n\t\t\t\t\t\t\t<span class=\"premium-blog-meta-separator\">\u2022<\/span>\n\t\t\t\t<div class=\"premium-blog-post-time premium-blog-meta-data\">\n\t\t\t\t\t<i class=\"fa fa-calendar-alt\" aria-hidden=\"true\"><\/i>\n\t\t\t\t\t<span>04\/04\/2025<\/span>\n\t\t\t\t<\/div>\n\t\t\t\n\t\t\t\n\t\t\t\t\t<\/div>\n\t\t\n\t\t\t\t\t<\/div>\n\n\t\t\t\t\t\t\t<div class=\"premium-blog-content-inner-wrapper\">\n\t\t<p class=\"premium-blog-post-content\">10. Mai 2025 &#8211; Ein Fu\u00dfballfest auf der St. Viter Alm RW St. Vit trifft auf Arminia Bielefelds Legenden Liebe Freunde des<\/p><div class=\"premium-blog-excerpt-link-wrap\"><a href=\"https:\/\/rwsv.de\/index.php\/elementor-3368\/\" target=\"_blank\" class=\"premium-blog-excerpt-link elementor-button\">Read More \u00bb<\/a><\/div>\t\t<\/div>\n\t\t\t\t\t\t\t\n\t\t\t\t<\/div>\n\t\t\t<\/div>\n\t\t<\/div>\n\n\t\t\t\t<div class=\"premium-blog-post-outer-container\" data-total=\"3\">\n\t\t\t<div class=\"premium-blog-post-container premium-blog-skin-modern\">\n\t\t\t\t\t\t\t\t\t<div class=\"premium-blog-thumb-effect-wrapper\">\n\t\t\t\t\t\t<div class=\"premium-blog-thumbnail-container premium-blog-zoomin-effect\">\n\t\t\t\t\t\t\t\t\t\t\t<a href=\"https:\/\/rwsv.de\/index.php\/elementor-3347\/\" target=\"_blank\">\n\t\t\t\t<img loading=\"lazy\" decoding=\"async\" width=\"1024\" height=\"650\" src=\"https:\/\/rwsv.de\/wp-content\/uploads\/2025\/02\/Ehrungen-2025-1024x650.jpg\" class=\"attachment-large size-large wp-image-3349\" alt=\"\" srcset=\"https:\/\/rwsv.de\/wp-content\/uploads\/2025\/02\/Ehrungen-2025-1024x650.jpg 1024w, https:\/\/rwsv.de\/wp-content\/uploads\/2025\/02\/Ehrungen-2025-300x190.jpg 300w, https:\/\/rwsv.de\/wp-content\/uploads\/2025\/02\/Ehrungen-2025-150x95.jpg 150w, https:\/\/rwsv.de\/wp-content\/uploads\/2025\/02\/Ehrungen-2025-768x487.jpg 768w, https:\/\/rwsv.de\/wp-content\/uploads\/2025\/02\/Ehrungen-2025-1536x974.jpg 1536w, https:\/\/rwsv.de\/wp-content\/uploads\/2025\/02\/Ehrungen-2025-2048x1299.jpg 2048w\" sizes=\"(max-width: 1024px) 100vw, 1024px\" \/>\t\t\t\t<\/a>\n\t\t\t\t\t\t\t\t\t\t<\/div>\n\t\t\t\t\t\t\t\t\t\t\t\t\t<div class=\"premium-blog-effect-container premium-blog-framed-effect\">\n\t\t\t\t\t\t\t\t<a class=\"premium-blog-post-link\" href=\"https:\/\/rwsv.de\/index.php\/elementor-3347\/\" target=\"_blank\"><span>Bericht Jahreshauptversammlung 2025<\/span><\/a>\n\t\t\t\t\t\t\t\t\t\t\t\t\t\t\t<\/div>\n\t\t\t\t\t\t\t\t\t\t\t<\/div>\n\t\t\t\t\t\t\t\t\t\t\t\t<div class=\"premium-blog-content-wrapper \">\n\n\t\t\t\t\t<div class=\"premium-blog-inner-container\">\n\n\t\t\t\t\t\t\t\t\t\t\t\t\t\t<p class=\"premium-blog-entry-title\">\n\t\t\t<a href=\"https:\/\/rwsv.de\/index.php\/elementor-3347\/\" target=\"_blank\">\n\t\t\t\tBericht Jahreshauptversammlung 2025\t\t\t<\/a>\n\t\t<\/p>\n\t\t\t\t<div class=\"premium-blog-entry-meta\">\n\t\t\t\t\t\t\t<div class=\"premium-blog-post-author premium-blog-meta-data\">\n\t\t\t\t\t<i class=\"fa fa-user fa-fw\" aria-hidden=\"true\"><\/i>\n\t\t\t\t\t<a href=\"https:\/\/rwsv.de\/index.php\/author\/siede\/\" title=\"Beitr\u00e4ge von admin\" rel=\"author\">admin<\/a>\t\t\t\t<\/div>\n\t\t\t\n\t\t\t\t\t\t\t<span class=\"premium-blog-meta-separator\">\u2022<\/span>\n\t\t\t\t<div class=\"premium-blog-post-time premium-blog-meta-data\">\n\t\t\t\t\t<i class=\"fa fa-calendar-alt\" aria-hidden=\"true\"><\/i>\n\t\t\t\t\t<span>26\/02\/2025<\/span>\n\t\t\t\t<\/div>\n\t\t\t\n\t\t\t\n\t\t\t\t\t<\/div>\n\t\t\n\t\t\t\t\t<\/div>\n\n\t\t\t\t\t\t\t<div class=\"premium-blog-content-inner-wrapper\">\n\t\t<p class=\"premium-blog-post-content\">Bericht zur Jahreshauptversammlung 2025 Zur Mitgliederversammlung des Vereins konnte der Vorsitzende, Gerd Siede 65 von insgesamt 533 Mitgliedern im Vitushaus begr\u00fc\u00dfen. Zun\u00e4chst<\/p><div class=\"premium-blog-excerpt-link-wrap\"><a href=\"https:\/\/rwsv.de\/index.php\/elementor-3347\/\" target=\"_blank\" class=\"premium-blog-excerpt-link elementor-button\">Read More \u00bb<\/a><\/div>\t\t<\/div>\n\t\t\t\t\t\t\t\n\t\t\t\t<\/div>\n\t\t\t<\/div>\n\t\t<\/div>\n\n\t\t\t\t\t\t\t<\/div>\n\n\t\t\t\t\t<div class=\"premium-blog-footer\">\n\t\t\t\t\t\t\t<nav class=\"premium-blog-pagination-container\" role=\"navigation\" aria-label=\"Paginierung\">\n\t\t\t\t<span aria-current=\"page\" class=\"page-numbers current\">1<\/span>\n<a class=\"page-numbers\" href=\"https:\/\/rwsv.de\/index.php\/wp-json\/wp\/v2\/pages\/816\/page\/2\/\">2<\/a>\n<a class=\"page-numbers\" href=\"https:\/\/rwsv.de\/index.php\/wp-json\/wp\/v2\/pages\/816\/page\/3\/\">3<\/a>\n<a class=\"next page-numbers\" href=\"https:\/\/rwsv.de\/index.php\/wp-json\/wp\/v2\/pages\/816\/page\/2\/\">Weiter \u00bb<\/a>\t\t\t<\/nav>\n\t\t\t\t\t\t<\/div>\n\t\t\n\t\t\n\t\t\t\t\t\t<\/div>\n\t\t\t\t<\/div>\n\t\t\t\t\t<\/div>\n\t\t<\/div>\n\t\t\t\t\t<\/div>\n\t\t<\/section>\n\t\t\t\t<\/div>\n\t\t","protected":false},"excerpt":{"rendered":"<p>News Alles was du wissen musst Laufen und Gutes tun admin \u2022 09\/09\/2022 Laufen und Gutes tun 03.09.2022: F\u00fcr Rot-Weiss St.Vit nahmen von unserer 1. Mannschaft am diesj\u00e4hrigen Lauf teil: Jonas Hellweg, Jonas Kraskes, Alexander Read More \u00bb \u00dcbergabe Spendenscheck admin \u2022 09\/09\/2022 \u00dcbergabe Spendenscheck 03.09.2022: Anl\u00e4sslich der 18. Veranstaltung von \u201cLaufen und Gutes tun\u201d \u00fcberreichten Werner Thiemig und Karl Gnegel vom Sportverein RW St.Vit Read More \u00bb<\/p>\n","protected":false},"author":1,"featured_media":0,"parent":0,"menu_order":0,"comment_status":"closed","ping_status":"closed","template":"","meta":{"site-sidebar-layout":"no-sidebar","site-content-layout":"page-builder","ast-site-content-layout":"default","site-content-style":"default","site-sidebar-style":"default","ast-global-header-display":"","ast-banner-title-visibility":"","ast-main-header-display":"","ast-hfb-above-header-display":"","ast-hfb-below-header-display":"","ast-hfb-mobile-header-display":"","site-post-title":"disabled","ast-breadcrumbs-content":"","ast-featured-img":"disabled","footer-sml-layout":"","theme-transparent-header-meta":"disabled","adv-header-id-meta":"","stick-header-meta":"","header-above-stick-meta":"","header-main-stick-meta":"","header-below-stick-meta":"","astra-migrate-meta-layouts":"default","ast-page-background-enabled":"default","ast-page-background-meta":{"desktop":{"background-color":"","background-image":"","background-repeat":"repeat","background-position":"center center","background-size":"auto","background-attachment":"scroll","background-type":"","background-media":"","overlay-type":"","overlay-color":"","overlay-opacity":"","overlay-gradient":""},"tablet":{"background-color":"","background-image":"","background-repeat":"repeat","background-position":"center center","background-size":"auto","background-attachment":"scroll","background-type":"","background-media":"","overlay-type":"","overlay-color":"","overlay-opacity":"","overlay-gradient":""},"mobile":{"background-color":"","background-image":"","background-repeat":"repeat","background-position":"center center","background-size":"auto","background-attachment":"scroll","background-type":"","background-media":"","overlay-type":"","overlay-color":"","overlay-opacity":"","overlay-gradient":""}},"ast-content-background-meta":{"desktop":{"background-color":"var(--ast-global-color-5)","background-image":"","background-repeat":"repeat","background-position":"center center","background-size":"auto","background-attachment":"scroll","background-type":"","background-media":"","overlay-type":"","overlay-color":"","overlay-opacity":"","overlay-gradient":""},"tablet":{"background-color":"var(--ast-global-color-5)","background-image":"","background-repeat":"repeat","background-position":"center center","background-size":"auto","background-attachment":"scroll","background-type":"","background-media":"","overlay-type":"","overlay-color":"","overlay-opacity":"","overlay-gradient":""},"mobile":{"background-color":"var(--ast-global-color-5)","background-image":"","background-repeat":"repeat","background-position":"center center","background-size":"auto","background-attachment":"scroll","background-type":"","background-media":"","overlay-type":"","overlay-color":"","overlay-opacity":"","overlay-gradient":""}},"footnotes":""},"class_list":["post-816","page","type-page","status-publish","hentry"],"yoast_head":"<!-- This site is optimized with the Yoast SEO plugin v27.4 - https:\/\/yoast.com\/product\/yoast-seo-wordpress\/ -->\n<title>News - Rot Weiss St.Vit e.V.<\/title>\n<meta name=\"robots\" content=\"index, follow, max-snippet:-1, max-image-preview:large, max-video-preview:-1\" \/>\n<link rel=\"canonical\" href=\"https:\/\/rwsv.de\/index.php\/news\/\" \/>\n<meta property=\"og:locale\" content=\"de_DE\" \/>\n<meta property=\"og:type\" content=\"article\" \/>\n<meta property=\"og:title\" content=\"News - Rot Weiss St.Vit e.V.\" \/>\n<meta property=\"og:description\" content=\"News Alles was du wissen musst Laufen und Gutes tun admin \u2022 09\/09\/2022 Laufen und Gutes tun 03.09.2022: F\u00fcr Rot-Weiss St.Vit nahmen von unserer 1. Mannschaft am diesj\u00e4hrigen Lauf teil: Jonas Hellweg, Jonas Kraskes, Alexander Read More \u00bb \u00dcbergabe Spendenscheck admin \u2022 09\/09\/2022 \u00dcbergabe Spendenscheck 03.09.2022: Anl\u00e4sslich der 18. Veranstaltung von \u201cLaufen und Gutes tun\u201d \u00fcberreichten Werner Thiemig und Karl Gnegel vom Sportverein RW St.Vit Read More \u00bb\" \/>\n<meta property=\"og:url\" content=\"https:\/\/rwsv.de\/index.php\/news\/\" \/>\n<meta property=\"og:site_name\" content=\"Rot Weiss St.Vit e.V.\" \/>\n<meta property=\"article:modified_time\" content=\"2022-10-06T15:20:30+00:00\" \/>\n<meta property=\"og:image\" content=\"https:\/\/rwsv.de\/wp-content\/uploads\/2022\/09\/Laeufer-768x1024.jpg\" \/>\n<meta name=\"twitter:card\" content=\"summary_large_image\" \/>\n<meta name=\"twitter:label1\" content=\"Gesch\u00e4tzte Lesezeit\" \/>\n\t<meta name=\"twitter:data1\" content=\"1\u00a0Minute\" \/>\n<script type=\"application\/ld+json\" class=\"yoast-schema-graph\">{\"@context\":\"https:\\\/\\\/schema.org\",\"@graph\":[{\"@type\":\"WebPage\",\"@id\":\"https:\\\/\\\/rwsv.de\\\/index.php\\\/news\\\/\",\"url\":\"https:\\\/\\\/rwsv.de\\\/index.php\\\/news\\\/\",\"name\":\"News - Rot Weiss St.Vit e.V.\",\"isPartOf\":{\"@id\":\"https:\\\/\\\/rwsv.de\\\/#website\"},\"primaryImageOfPage\":{\"@id\":\"https:\\\/\\\/rwsv.de\\\/index.php\\\/news\\\/#primaryimage\"},\"image\":{\"@id\":\"https:\\\/\\\/rwsv.de\\\/index.php\\\/news\\\/#primaryimage\"},\"thumbnailUrl\":\"https:\\\/\\\/rwsv.de\\\/wp-content\\\/uploads\\\/2022\\\/09\\\/Laeufer-768x1024.jpg\",\"datePublished\":\"2022-08-16T15:28:36+00:00\",\"dateModified\":\"2022-10-06T15:20:30+00:00\",\"breadcrumb\":{\"@id\":\"https:\\\/\\\/rwsv.de\\\/index.php\\\/news\\\/#breadcrumb\"},\"inLanguage\":\"de\",\"potentialAction\":[{\"@type\":\"ReadAction\",\"target\":[\"https:\\\/\\\/rwsv.de\\\/index.php\\\/news\\\/\"]}]},{\"@type\":\"ImageObject\",\"inLanguage\":\"de\",\"@id\":\"https:\\\/\\\/rwsv.de\\\/index.php\\\/news\\\/#primaryimage\",\"url\":\"https:\\\/\\\/rwsv.de\\\/wp-content\\\/uploads\\\/2022\\\/09\\\/Laeufer-768x1024.jpg\",\"contentUrl\":\"https:\\\/\\\/rwsv.de\\\/wp-content\\\/uploads\\\/2022\\\/09\\\/Laeufer-768x1024.jpg\"},{\"@type\":\"BreadcrumbList\",\"@id\":\"https:\\\/\\\/rwsv.de\\\/index.php\\\/news\\\/#breadcrumb\",\"itemListElement\":[{\"@type\":\"ListItem\",\"position\":1,\"name\":\"Startseite\",\"item\":\"https:\\\/\\\/rwsv.de\\\/\"},{\"@type\":\"ListItem\",\"position\":2,\"name\":\"News\"}]},{\"@type\":\"WebSite\",\"@id\":\"https:\\\/\\\/rwsv.de\\\/#website\",\"url\":\"https:\\\/\\\/rwsv.de\\\/\",\"name\":\"Rot Weiss St.Vit e.V.\",\"description\":\"Fu\u00dfballverein\",\"publisher\":{\"@id\":\"https:\\\/\\\/rwsv.de\\\/#organization\"},\"potentialAction\":[{\"@type\":\"SearchAction\",\"target\":{\"@type\":\"EntryPoint\",\"urlTemplate\":\"https:\\\/\\\/rwsv.de\\\/?s={search_term_string}\"},\"query-input\":{\"@type\":\"PropertyValueSpecification\",\"valueRequired\":true,\"valueName\":\"search_term_string\"}}],\"inLanguage\":\"de\"},{\"@type\":\"Organization\",\"@id\":\"https:\\\/\\\/rwsv.de\\\/#organization\",\"name\":\"Rot Weiss St.Vit e.V.\",\"url\":\"https:\\\/\\\/rwsv.de\\\/\",\"logo\":{\"@type\":\"ImageObject\",\"inLanguage\":\"de\",\"@id\":\"https:\\\/\\\/rwsv.de\\\/#\\\/schema\\\/logo\\\/image\\\/\",\"url\":\"https:\\\/\\\/rwsv.de\\\/wp-content\\\/uploads\\\/2022\\\/08\\\/LogoRWSt-removebg-preview.png\",\"contentUrl\":\"https:\\\/\\\/rwsv.de\\\/wp-content\\\/uploads\\\/2022\\\/08\\\/LogoRWSt-removebg-preview.png\",\"width\":468,\"height\":533,\"caption\":\"Rot Weiss St.Vit e.V.\"},\"image\":{\"@id\":\"https:\\\/\\\/rwsv.de\\\/#\\\/schema\\\/logo\\\/image\\\/\"}}]}<\/script>\n<!-- \/ Yoast SEO plugin. -->","yoast_head_json":{"title":"News - Rot Weiss St.Vit e.V.","robots":{"index":"index","follow":"follow","max-snippet":"max-snippet:-1","max-image-preview":"max-image-preview:large","max-video-preview":"max-video-preview:-1"},"canonical":"https:\/\/rwsv.de\/index.php\/news\/","og_locale":"de_DE","og_type":"article","og_title":"News - Rot Weiss St.Vit e.V.","og_description":"News Alles was du wissen musst Laufen und Gutes tun admin \u2022 09\/09\/2022 Laufen und Gutes tun 03.09.2022: F\u00fcr Rot-Weiss St.Vit nahmen von unserer 1. Mannschaft am diesj\u00e4hrigen Lauf teil: Jonas Hellweg, Jonas Kraskes, Alexander Read More \u00bb \u00dcbergabe Spendenscheck admin \u2022 09\/09\/2022 \u00dcbergabe Spendenscheck 03.09.2022: Anl\u00e4sslich der 18. Veranstaltung von \u201cLaufen und Gutes tun\u201d \u00fcberreichten Werner Thiemig und Karl Gnegel vom Sportverein RW St.Vit Read More \u00bb","og_url":"https:\/\/rwsv.de\/index.php\/news\/","og_site_name":"Rot Weiss St.Vit e.V.","article_modified_time":"2022-10-06T15:20:30+00:00","og_image":[{"url":"https:\/\/rwsv.de\/wp-content\/uploads\/2022\/09\/Laeufer-768x1024.jpg","type":"","width":"","height":""}],"twitter_card":"summary_large_image","twitter_misc":{"Gesch\u00e4tzte Lesezeit":"1\u00a0Minute"},"schema":{"@context":"https:\/\/schema.org","@graph":[{"@type":"WebPage","@id":"https:\/\/rwsv.de\/index.php\/news\/","url":"https:\/\/rwsv.de\/index.php\/news\/","name":"News - Rot Weiss St.Vit e.V.","isPartOf":{"@id":"https:\/\/rwsv.de\/#website"},"primaryImageOfPage":{"@id":"https:\/\/rwsv.de\/index.php\/news\/#primaryimage"},"image":{"@id":"https:\/\/rwsv.de\/index.php\/news\/#primaryimage"},"thumbnailUrl":"https:\/\/rwsv.de\/wp-content\/uploads\/2022\/09\/Laeufer-768x1024.jpg","datePublished":"2022-08-16T15:28:36+00:00","dateModified":"2022-10-06T15:20:30+00:00","breadcrumb":{"@id":"https:\/\/rwsv.de\/index.php\/news\/#breadcrumb"},"inLanguage":"de","potentialAction":[{"@type":"ReadAction","target":["https:\/\/rwsv.de\/index.php\/news\/"]}]},{"@type":"ImageObject","inLanguage":"de","@id":"https:\/\/rwsv.de\/index.php\/news\/#primaryimage","url":"https:\/\/rwsv.de\/wp-content\/uploads\/2022\/09\/Laeufer-768x1024.jpg","contentUrl":"https:\/\/rwsv.de\/wp-content\/uploads\/2022\/09\/Laeufer-768x1024.jpg"},{"@type":"BreadcrumbList","@id":"https:\/\/rwsv.de\/index.php\/news\/#breadcrumb","itemListElement":[{"@type":"ListItem","position":1,"name":"Startseite","item":"https:\/\/rwsv.de\/"},{"@type":"ListItem","position":2,"name":"News"}]},{"@type":"WebSite","@id":"https:\/\/rwsv.de\/#website","url":"https:\/\/rwsv.de\/","name":"Rot Weiss St.Vit e.V.","description":"Fu\u00dfballverein","publisher":{"@id":"https:\/\/rwsv.de\/#organization"},"potentialAction":[{"@type":"SearchAction","target":{"@type":"EntryPoint","urlTemplate":"https:\/\/rwsv.de\/?s={search_term_string}"},"query-input":{"@type":"PropertyValueSpecification","valueRequired":true,"valueName":"search_term_string"}}],"inLanguage":"de"},{"@type":"Organization","@id":"https:\/\/rwsv.de\/#organization","name":"Rot Weiss St.Vit e.V.","url":"https:\/\/rwsv.de\/","logo":{"@type":"ImageObject","inLanguage":"de","@id":"https:\/\/rwsv.de\/#\/schema\/logo\/image\/","url":"https:\/\/rwsv.de\/wp-content\/uploads\/2022\/08\/LogoRWSt-removebg-preview.png","contentUrl":"https:\/\/rwsv.de\/wp-content\/uploads\/2022\/08\/LogoRWSt-removebg-preview.png","width":468,"height":533,"caption":"Rot Weiss St.Vit e.V."},"image":{"@id":"https:\/\/rwsv.de\/#\/schema\/logo\/image\/"}}]}},"rttpg_featured_image_url":null,"rttpg_author":{"display_name":"admin","author_link":"https:\/\/rwsv.de\/index.php\/author\/siede\/"},"rttpg_comment":0,"rttpg_category":"","rttpg_excerpt":"News Alles was du wissen musst Laufen und Gutes tun admin \u2022 09\/09\/2022 Laufen und Gutes tun 03.09.2022: F\u00fcr Rot-Weiss St.Vit nahmen von unserer 1. Mannschaft am diesj\u00e4hrigen Lauf teil: Jonas Hellweg, Jonas Kraskes, Alexander Read More \u00bb \u00dcbergabe Spendenscheck admin \u2022 09\/09\/2022 \u00dcbergabe Spendenscheck 03.09.2022: Anl\u00e4sslich der 18. Veranstaltung von \u201cLaufen und Gutes tun\u201d&hellip;","_links":{"self":[{"href":"https:\/\/rwsv.de\/index.php\/wp-json\/wp\/v2\/pages\/816","targetHints":{"allow":["GET"]}}],"collection":[{"href":"https:\/\/rwsv.de\/index.php\/wp-json\/wp\/v2\/pages"}],"about":[{"href":"https:\/\/rwsv.de\/index.php\/wp-json\/wp\/v2\/types\/page"}],"author":[{"embeddable":true,"href":"https:\/\/rwsv.de\/index.php\/wp-json\/wp\/v2\/users\/1"}],"replies":[{"embeddable":true,"href":"https:\/\/rwsv.de\/index.php\/wp-json\/wp\/v2\/comments?post=816"}],"version-history":[{"count":51,"href":"https:\/\/rwsv.de\/index.php\/wp-json\/wp\/v2\/pages\/816\/revisions"}],"predecessor-version":[{"id":2072,"href":"https:\/\/rwsv.de\/index.php\/wp-json\/wp\/v2\/pages\/816\/revisions\/2072"}],"wp:attachment":[{"href":"https:\/\/rwsv.de\/index.php\/wp-json\/wp\/v2\/media?parent=816"}],"curies":[{"name":"wp","href":"https:\/\/api.w.org\/{rel}","templated":true}]}}